{"id":133,"date":"2018-02-25T14:56:43","date_gmt":"2018-02-25T13:56:43","guid":{"rendered":"http:\/\/pension-wienerstubn.at\/pension\/?page_id=133"},"modified":"2026-01-01T12:16:27","modified_gmt":"2026-01-01T11:16:27","slug":"preise","status":"publish","type":"page","link":"https:\/\/pension-wienerstubn.at\/pension\/de\/preise\/","title":{"rendered":"Preise"},"content":{"rendered":"<h3>3 Sterne Zimmerausstattung:<\/h3>\n<ul>\n<li style=\"list-style-type: none;\">\n<ul>\n<li>Badewanne oder Dusche<\/li>\n<li>WC<\/li>\n<li>Radio<\/li>\n<li>Telefon<\/li>\n<li>Zimmersafe<\/li>\n<li>K\u00fchlschrank<\/li>\n<li>gratis WiFi<\/li>\n<li>32&#8243; &#8211; 43&#8243; LCD SAT-TV<\/li>\n<\/ul>\n<\/li>\n<\/ul>\n<hr \/>\n<p><img loading=\"lazy\" decoding=\"async\" class=\"size-medium wp-image-269 size-medium alignnone\" src=\"http:\/\/pension-wienerstubn.at\/pension\/wp-content\/uploads\/2018\/11\/5er7886-300x200.jpg\" alt=\"\" width=\"300\" height=\"200\" srcset=\"https:\/\/pension-wienerstubn.at\/pension\/wp-content\/uploads\/2018\/11\/5er7886-300x200.jpg 300w, https:\/\/pension-wienerstubn.at\/pension\/wp-content\/uploads\/2018\/11\/5er7886-768x512.jpg 768w, https:\/\/pension-wienerstubn.at\/pension\/wp-content\/uploads\/2018\/11\/5er7886-1024x683.jpg 1024w\" sizes=\"auto, (max-width: 300px) 100vw, 300px\" \/><\/p>\n<p><strong>ab 78,&#8211; \u00a0 <\/strong>\u20ac<strong> Einzelzimmer<\/strong><\/p>\n<p style=\"padding-left: 30px;\">inkl.Fr\u00fchst\u00fcck\u00a0exklusive N\u00e4chtigungstaxe<\/p>\n<hr \/>\n<p><img loading=\"lazy\" decoding=\"async\" class=\"size-medium wp-image-271 alignnone\" src=\"http:\/\/pension-wienerstubn.at\/pension\/wp-content\/uploads\/2018\/11\/5er7949-300x200.jpg\" alt=\"\" width=\"300\" height=\"200\" srcset=\"https:\/\/pension-wienerstubn.at\/pension\/wp-content\/uploads\/2018\/11\/5er7949-300x200.jpg 300w, https:\/\/pension-wienerstubn.at\/pension\/wp-content\/uploads\/2018\/11\/5er7949-768x512.jpg 768w, https:\/\/pension-wienerstubn.at\/pension\/wp-content\/uploads\/2018\/11\/5er7949-1024x683.jpg 1024w\" sizes=\"auto, (max-width: 300px) 100vw, 300px\" \/><\/p>\n<p><strong>ab 124,&#8211; \u00a0 <\/strong>\u20ac<strong> Doppelzimmer<\/strong><\/p>\n<p style=\"padding-left: 30px;\">inkl.Fr\u00fchst\u00fcck\u00a0exklusive N\u00e4chtigungstaxe pro Tag f\u00fcr 2 Personen<\/p>\n<hr \/>\n<p><img loading=\"lazy\" decoding=\"async\" class=\"size-medium wp-image-291 alignnone\" src=\"http:\/\/pension-wienerstubn.at\/pension\/wp-content\/uploads\/2019\/01\/2018.10-Foto-Pension-Wienerstubn-Zimmer-26-Dreibett-300x200.jpg\" alt=\"\" width=\"300\" height=\"200\" srcset=\"https:\/\/pension-wienerstubn.at\/pension\/wp-content\/uploads\/2019\/01\/2018.10-Foto-Pension-Wienerstubn-Zimmer-26-Dreibett-300x200.jpg 300w, https:\/\/pension-wienerstubn.at\/pension\/wp-content\/uploads\/2019\/01\/2018.10-Foto-Pension-Wienerstubn-Zimmer-26-Dreibett-768x512.jpg 768w, https:\/\/pension-wienerstubn.at\/pension\/wp-content\/uploads\/2019\/01\/2018.10-Foto-Pension-Wienerstubn-Zimmer-26-Dreibett-1024x683.jpg 1024w\" sizes=\"auto, (max-width: 300px) 100vw, 300px\" \/><\/p>\n<p><strong>ab 156,&#8211; \u00a0 <\/strong>\u20ac<strong> Dreibettzimmer<\/strong><\/p>\n<p style=\"padding-left: 30px;\">inkl.Fr\u00fchst\u00fcck\u00a0exklusive N\u00e4chtigungstaxe pro Tag f\u00fcr 3 Personen<\/p>\n<hr \/>\n<p><img loading=\"lazy\" decoding=\"async\" class=\"size-medium wp-image-292 alignnone\" src=\"http:\/\/pension-wienerstubn.at\/pension\/wp-content\/uploads\/2019\/01\/2018.10-Foto-Pension-Wienerstubn-Zimmer-22-Familienzimmer-300x200.jpg\" alt=\"\" width=\"300\" height=\"200\" srcset=\"https:\/\/pension-wienerstubn.at\/pension\/wp-content\/uploads\/2019\/01\/2018.10-Foto-Pension-Wienerstubn-Zimmer-22-Familienzimmer-300x200.jpg 300w, https:\/\/pension-wienerstubn.at\/pension\/wp-content\/uploads\/2019\/01\/2018.10-Foto-Pension-Wienerstubn-Zimmer-22-Familienzimmer-768x512.jpg 768w, https:\/\/pension-wienerstubn.at\/pension\/wp-content\/uploads\/2019\/01\/2018.10-Foto-Pension-Wienerstubn-Zimmer-22-Familienzimmer-1024x683.jpg 1024w\" sizes=\"auto, (max-width: 300px) 100vw, 300px\" \/><\/p>\n<p><strong>ab 190,&#8211; \u00a0 <\/strong>\u20ac<strong>\u00a0Familienzimmer Vierbett<\/strong><\/p>\n<p style=\"padding-left: 30px;\">inkl. Fr\u00fchst\u00fcck\u00a0exklusive N\u00e4chtigungstaxe pro Tag f\u00fcr 4 Personen.<br \/>\n( 2 Erwachsene und 2 Kinder bis 14 Jahre)<\/p>\n<hr \/>\n<p><strong>komfort Zimmer:\u00a0<\/strong><\/p>\n<hr \/>\n<p>Unsere frisch renovierten komfort Zimmer bestechen durch Gr\u00f6\u00dfe, Komfort, Stil und moderne Annehmlichkeiten.<br \/>\nDie Auswahl der Farben und Stoffe sowie die Zimmerausstattung f\u00fcgen sich in ein\u00a0 harmonischens Gesamtbild ein.<br \/>\nSo k\u00f6nne Sie Ihren Aufenthalt in vollen Z\u00fcgen genie\u00dfen.<\/p>\n<p><strong>ab 136,&#8211;<\/strong> \u00a0 \u20ac<strong> komfort Doppelzimmer<\/strong><\/p>\n<p style=\"padding-left: 30px;\">inkl. Fr\u00fchst\u00fcck exklusive N\u00e4chtigungstaxe pro Tag f\u00fcr 2 Personen.<\/p>\n<hr \/>\n<p><strong>ab 174,&#8211; \u00a0 <\/strong>\u20ac<strong> komfort Dreibettzimmer<\/strong><\/p>\n<p style=\"padding-left: 30px;\">inkl. Fr\u00fchst\u00fcck exklusive N\u00e4chtigungstaxe pro Tag f\u00fcr 3 Personen.<\/p>\n<hr \/>\n<p><strong>\u00a0 \u00a0 \u00a012,&#8211; \u00a0 <\/strong>\u20ac\u00a0<strong>Haustier<\/strong><\/p>\n<p style=\"padding-left: 30px;\">pro Tier pro Nacht<\/p>\n<hr \/>\n<p><strong>\u00a0 \u00a0<\/strong><strong>\u00a03,&#8211; <\/strong>\u20ac <strong> <a href=\"http:\/\/www.noe.gv.at\/noe\/Wirtschaft-Tourismus-Technologie\/Naechtigungstaxensaetze.html\">N\u00e4chtigungstaxe<\/a><\/strong><\/p>\n<p style=\"padding-left: 30px;\">pro Person pro Nacht (ab einem Alter von 15 Jahren)<\/p>\n","protected":false},"excerpt":{"rendered":"<p>3 Sterne Zimmerausstattung: Badewanne oder Dusche WC Radio Telefon Zimmersafe K\u00fchlschrank gratis WiFi 32&#8243; &#8211; 43&#8243; LCD SAT-TV ab 78,&#8211; \u00a0 \u20ac Einzelzimmer inkl.Fr\u00fchst\u00fcck\u00a0exklusive N\u00e4chtigungstaxe ab 124,&#8211; \u00a0 \u20ac Doppelzimmer inkl.Fr\u00fchst\u00fcck\u00a0exklusive N\u00e4chtigungstaxe pro Tag f\u00fcr 2 Personen ab 156,&#8211; \u00a0 \u20ac Dreibettzimmer inkl.Fr\u00fchst\u00fcck\u00a0exklusive N\u00e4chtigungstaxe pro Tag f\u00fcr 3 Personen ab 190,&#8211; \u00a0 \u20ac\u00a0Familienzimmer Vierbett inkl. &hellip; <a href=\"https:\/\/pension-wienerstubn.at\/pension\/de\/preise\/\" class=\"more-link\"><span class=\"screen-reader-text\">Preise<\/span> weiterlesen <span class=\"meta-nav\">&rarr;<\/span><\/a><\/p>\n","protected":false},"author":1,"featured_media":0,"parent":0,"menu_order":0,"comment_status":"closed","ping_status":"closed","template":"","meta":{"footnotes":""},"class_list":["post-133","page","type-page","status-publish","hentry"],"_links":{"self":[{"href":"https:\/\/pension-wienerstubn.at\/pension\/wp-json\/wp\/v2\/pages\/133","targetHints":{"allow":["GET"]}}],"collection":[{"href":"https:\/\/pension-wienerstubn.at\/pension\/wp-json\/wp\/v2\/pages"}],"about":[{"href":"https:\/\/pension-wienerstubn.at\/pension\/wp-json\/wp\/v2\/types\/page"}],"author":[{"embeddable":true,"href":"https:\/\/pension-wienerstubn.at\/pension\/wp-json\/wp\/v2\/users\/1"}],"replies":[{"embeddable":true,"href":"https:\/\/pension-wienerstubn.at\/pension\/wp-json\/wp\/v2\/comments?post=133"}],"version-history":[{"count":33,"href":"https:\/\/pension-wienerstubn.at\/pension\/wp-json\/wp\/v2\/pages\/133\/revisions"}],"predecessor-version":[{"id":630,"href":"https:\/\/pension-wienerstubn.at\/pension\/wp-json\/wp\/v2\/pages\/133\/revisions\/630"}],"wp:attachment":[{"href":"https:\/\/pension-wienerstubn.at\/pension\/wp-json\/wp\/v2\/media?parent=133"}],"curies":[{"name":"wp","href":"https:\/\/api.w.org\/{rel}","templated":true}]}}